{"id":3148,"date":"2016-09-16T18:46:13","date_gmt":"2016-09-16T18:46:13","guid":{"rendered":"http:\/\/orpheus.hr\/sl\/?page_id=3148"},"modified":"2024-02-02T17:14:55","modified_gmt":"2024-02-02T17:14:55","slug":"seminarji-petja","status":"publish","type":"page","link":"https:\/\/orpheus.hr\/sl\/seminarji-petja\/","title":{"rendered":"Seminarji petja"},"content":{"rendered":"<section class=\"l-section wpb_row height_large\"><div class=\"l-section-h i-cf\"><div class=\"g-cols vc_row via_grid cols_1 laptops-cols_inherit tablets-cols_inherit mobiles-cols_1 valign_top type_default stacking_default\"><div class=\"wpb_column vc_column_container\"><div class=\"vc_column-inner\"><div class=\"w-grid type_masonry layout_3440 cols_3 with_isotope\" id=\"us_grid_1\" style=\"--gap:4px;\" data-filterable=\"true\"><style>@media (max-width:-1px){#us_grid_1 .w-grid-item{width:50%}}@media (max-width:-1px){#us_grid_1 .w-grid-list{margin:0}#us_grid_1 .w-grid-item{width:100%;padding:0;margin-bottom:var(--gap,0px)}}.layout_3440 .w-grid-item-h{}.layout_3440 .usg_post_image_1{margin-bottom:0.5rem!important}.layout_3440 .usg_post_title_1{font-size:1rem!important}@media (min-width:1025px) and (max-width:1380px){.layout_3440 .usg_post_image_1{margin-bottom:0.5rem!important}.layout_3440 .usg_post_title_1{font-size:1rem!important}}@media (min-width:601px) and (max-width:1024px){.layout_3440 .usg_post_image_1{margin-bottom:0.5rem!important}.layout_3440 .usg_post_title_1{font-size:1rem!important}}@media (max-width:600px){.layout_3440 .usg_post_image_1{margin-bottom:0.5rem!important}.layout_3440 .usg_post_title_1{font-size:1rem!important}}<\/style><div class=\"w-grid-list\">\t<article class=\"w-grid-item size_1x1 post-2745 post type-post status-publish format-standard hentry category-aktualni-seminare category-vijesti\" data-id=\"2745\">\r\n\t\t<div class=\"w-grid-item-h\">\r\n\t\t\t\t\t\t<h2 class=\"w-post-elm post_title usg_post_title_1 entry-title color_link_inherit\"><a href=\"https:\/\/orpheus.hr\/sl\/kamenice-nad-lipou-7-8-10-2016\/\">Vyskutn\u00e1 nad Jihlavou, 01. &#8211; 02.03.2024<\/a><\/h2>\t\t<\/div>\r\n\t<\/article>\r\n\t<article class=\"w-grid-item size_1x1 post-3386 post type-post status-publish format-standard hentry category-aktualni-seminari category-seminarji category-vijesti\" data-id=\"3386\">\r\n\t\t<div class=\"w-grid-item-h\">\r\n\t\t\t\t\t\t<h2 class=\"w-post-elm post_title usg_post_title_1 entry-title color_link_inherit\"><a href=\"https:\/\/orpheus.hr\/sl\/banja-kulasi-u-blizini-prnjavora-bih-29-11-03-12-2023\/\">Banja Kula\u0161i (u blizini Prnjavora BiH) 29.11.-03.12.2023<\/a><\/h2>\t\t<\/div>\r\n\t<\/article>\r\n\t<article class=\"w-grid-item size_1x1 post-3295 post type-post status-publish format-standard has-post-thumbnail hentry category-seminarji\" data-id=\"3295\">\r\n\t\t<div class=\"w-grid-item-h\">\r\n\t\t\t\t\t\t<div class=\"w-post-elm post_image usg_post_image_1 stretched\"><a href=\"https:\/\/orpheus.hr\/sl\/seminar-petja-kal-pri-hrastniku-2\/\" aria-label=\"Seminar petja, Kal pri Hrastniku, 17.03.2023. \u2013 19.03.2023.\"><img loading=\"lazy\" decoding=\"async\" width=\"600\" height=\"431\" src=\"https:\/\/orpheus.hr\/sl\/wp-content\/uploads\/2017\/02\/Kal-600x431.jpg\" class=\"attachment-us_img_size_1 size-us_img_size_1 wp-post-image\" alt=\"\" srcset=\"https:\/\/orpheus.hr\/sl\/wp-content\/uploads\/2017\/02\/Kal-600x431.jpg 600w, https:\/\/orpheus.hr\/sl\/wp-content\/uploads\/2017\/02\/Kal-300x215.jpg 300w, https:\/\/orpheus.hr\/sl\/wp-content\/uploads\/2017\/02\/Kal.jpg 646w\" sizes=\"(max-width: 600px) 100vw, 600px\" \/><\/a><\/div><h2 class=\"w-post-elm post_title usg_post_title_1 entry-title color_link_inherit\"><a href=\"https:\/\/orpheus.hr\/sl\/seminar-petja-kal-pri-hrastniku-2\/\">Seminar petja, Kal pri Hrastniku, 17.03.2023. \u2013 19.03.2023.<\/a><\/h2>\t\t<\/div>\r\n\t<\/article>\r\n\t<article class=\"w-grid-item size_1x1 post-3275 post type-post status-publish format-standard has-post-thumbnail hentry category-uncategorized\" data-id=\"3275\">\r\n\t\t<div class=\"w-grid-item-h\">\r\n\t\t\t\t\t\t<div class=\"w-post-elm post_image usg_post_image_1 stretched\"><a href=\"https:\/\/orpheus.hr\/sl\/solanje-glasu-po-werbeck-metodi\/\" aria-label=\"\u0160olanje glasu po Werbeck metodi\"><img loading=\"lazy\" decoding=\"async\" width=\"600\" height=\"450\" src=\"https:\/\/orpheus.hr\/sl\/wp-content\/uploads\/2020\/11\/\u0161kolovanje-glasa-600x450.jpg\" class=\"attachment-us_img_size_1 size-us_img_size_1 wp-post-image\" alt=\"\" srcset=\"https:\/\/orpheus.hr\/sl\/wp-content\/uploads\/2020\/11\/\u0161kolovanje-glasa-600x450.jpg 600w, https:\/\/orpheus.hr\/sl\/wp-content\/uploads\/2020\/11\/\u0161kolovanje-glasa-300x225.jpg 300w, https:\/\/orpheus.hr\/sl\/wp-content\/uploads\/2020\/11\/\u0161kolovanje-glasa-768x576.jpg 768w, https:\/\/orpheus.hr\/sl\/wp-content\/uploads\/2020\/11\/\u0161kolovanje-glasa.jpg 1000w\" sizes=\"(max-width: 600px) 100vw, 600px\" \/><\/a><\/div><h2 class=\"w-post-elm post_title usg_post_title_1 entry-title color_link_inherit\"><a href=\"https:\/\/orpheus.hr\/sl\/solanje-glasu-po-werbeck-metodi\/\">\u0160olanje glasu po Werbeck metodi<\/a><\/h2>\t\t<\/div>\r\n\t<\/article>\r\n\t<article class=\"w-grid-item size_1x1 post-3134 post type-post status-publish format-standard has-post-thumbnail hentry category-uncategorized\" data-id=\"3134\">\r\n\t\t<div class=\"w-grid-item-h\">\r\n\t\t\t\t\t\t<div class=\"w-post-elm post_image usg_post_image_1 stretched\"><a href=\"https:\/\/orpheus.hr\/sl\/seminar-petja-zagreb\/\" aria-label=\"Seminar pjevanja u Zagrebu, 02. &#8211; 03.10.\"><img loading=\"lazy\" decoding=\"async\" width=\"600\" height=\"371\" src=\"https:\/\/orpheus.hr\/sl\/wp-content\/uploads\/2020\/01\/Zagreb-1-600x371.jpg\" class=\"attachment-us_img_size_1 size-us_img_size_1 wp-post-image\" alt=\"\" srcset=\"https:\/\/orpheus.hr\/sl\/wp-content\/uploads\/2020\/01\/Zagreb-1-600x371.jpg 600w, https:\/\/orpheus.hr\/sl\/wp-content\/uploads\/2020\/01\/Zagreb-1-300x185.jpg 300w, https:\/\/orpheus.hr\/sl\/wp-content\/uploads\/2020\/01\/Zagreb-1-768x475.jpg 768w, https:\/\/orpheus.hr\/sl\/wp-content\/uploads\/2020\/01\/Zagreb-1.jpg 1000w\" sizes=\"(max-width: 600px) 100vw, 600px\" \/><\/a><\/div><h2 class=\"w-post-elm post_title usg_post_title_1 entry-title color_link_inherit\"><a href=\"https:\/\/orpheus.hr\/sl\/seminar-petja-zagreb\/\">Seminar pjevanja u Zagrebu, 02. &#8211; 03.10.<\/a><\/h2>\t\t<\/div>\r\n\t<\/article>\r\n\t<article class=\"w-grid-item size_1x1 post-3140 post type-post status-publish format-standard has-post-thumbnail hentry category-uncategorized\" data-id=\"3140\">\r\n\t\t<div class=\"w-grid-item-h\">\r\n\t\t\t\t\t\t<div class=\"w-post-elm post_image usg_post_image_1 stretched\"><a href=\"https:\/\/orpheus.hr\/sl\/glazbeno-ljetovanje-na-peljescu\/\" aria-label=\"Glazbeno ljetovanje na Pelje\u0161cu\"><img loading=\"lazy\" decoding=\"async\" width=\"600\" height=\"381\" src=\"https:\/\/orpheus.hr\/sl\/wp-content\/uploads\/2013\/10\/zdravlja-alternativa-600x381.jpg\" class=\"attachment-us_img_size_1 size-us_img_size_1 wp-post-image\" alt=\"\" srcset=\"https:\/\/orpheus.hr\/sl\/wp-content\/uploads\/2013\/10\/zdravlja-alternativa-600x381.jpg 600w, https:\/\/orpheus.hr\/sl\/wp-content\/uploads\/2013\/10\/zdravlja-alternativa-300x190.jpg 300w, https:\/\/orpheus.hr\/sl\/wp-content\/uploads\/2013\/10\/zdravlja-alternativa-768x488.jpg 768w, https:\/\/orpheus.hr\/sl\/wp-content\/uploads\/2013\/10\/zdravlja-alternativa.jpg 775w\" sizes=\"(max-width: 600px) 100vw, 600px\" \/><\/a><\/div><h2 class=\"w-post-elm post_title usg_post_title_1 entry-title color_link_inherit\"><a href=\"https:\/\/orpheus.hr\/sl\/glazbeno-ljetovanje-na-peljescu\/\">Glazbeno ljetovanje na Pelje\u0161cu<\/a><\/h2>\t\t<\/div>\r\n\t<\/article>\r\n\t<article class=\"w-grid-item size_1x1 post-2724 post type-post status-publish format-standard has-post-thumbnail hentry category-mudre-note\" data-id=\"2724\">\r\n\t\t<div class=\"w-grid-item-h\">\r\n\t\t\t\t\t\t<div class=\"w-post-elm post_image usg_post_image_1 stretched\"><a href=\"https:\/\/orpheus.hr\/sl\/bolesti-stitnjace-zbog-ogorcenja-i-zaledenih-emocija-ruski-doktor-porucuje-pjevajte-ovako-i-ozdravit-cete\/\" aria-label=\"Ruski doktor: Pjevanjem ozdravite \u0161titnja\u010du\"><img loading=\"lazy\" decoding=\"async\" width=\"600\" height=\"415\" src=\"https:\/\/orpheus.hr\/sl\/wp-content\/uploads\/2016\/04\/seminar-pjevanja-4-600x415.jpg\" class=\"attachment-us_img_size_1 size-us_img_size_1 wp-post-image\" alt=\"\" srcset=\"https:\/\/orpheus.hr\/sl\/wp-content\/uploads\/2016\/04\/seminar-pjevanja-4-600x415.jpg 600w, https:\/\/orpheus.hr\/sl\/wp-content\/uploads\/2016\/04\/seminar-pjevanja-4-300x208.jpg 300w, https:\/\/orpheus.hr\/sl\/wp-content\/uploads\/2016\/04\/seminar-pjevanja-4-768x532.jpg 768w, https:\/\/orpheus.hr\/sl\/wp-content\/uploads\/2016\/04\/seminar-pjevanja-4-1024x709.jpg 1024w, https:\/\/orpheus.hr\/sl\/wp-content\/uploads\/2016\/04\/seminar-pjevanja-4.jpg 1365w\" sizes=\"(max-width: 600px) 100vw, 600px\" \/><\/a><\/div><h2 class=\"w-post-elm post_title usg_post_title_1 entry-title color_link_inherit\"><a href=\"https:\/\/orpheus.hr\/sl\/bolesti-stitnjace-zbog-ogorcenja-i-zaledenih-emocija-ruski-doktor-porucuje-pjevajte-ovako-i-ozdravit-cete\/\">Ruski doktor: Pjevanjem ozdravite \u0161titnja\u010du<\/a><\/h2>\t\t<\/div>\r\n\t<\/article>\r\n\t<article class=\"w-grid-item size_1x1 post-2708 post type-post status-publish format-standard has-post-thumbnail hentry category-aktualni-seminari category-vijesti\" data-id=\"2708\">\r\n\t\t<div class=\"w-grid-item-h\">\r\n\t\t\t\t\t\t<div class=\"w-post-elm post_image usg_post_image_1 stretched\"><a href=\"https:\/\/orpheus.hr\/sl\/glazbena-radionica-za-odgajatelje-i-ucitelje\/\" aria-label=\"Glazbena radionica za odgajatelje i u\u010ditelje\"><img loading=\"lazy\" decoding=\"async\" width=\"600\" height=\"415\" src=\"https:\/\/orpheus.hr\/sl\/wp-content\/uploads\/2016\/06\/vaznost-glazbe-u-razvoju-600x415.jpg\" class=\"attachment-us_img_size_1 size-us_img_size_1 wp-post-image\" alt=\"\" srcset=\"https:\/\/orpheus.hr\/sl\/wp-content\/uploads\/2016\/06\/vaznost-glazbe-u-razvoju-600x415.jpg 600w, https:\/\/orpheus.hr\/sl\/wp-content\/uploads\/2016\/06\/vaznost-glazbe-u-razvoju-300x208.jpg 300w, https:\/\/orpheus.hr\/sl\/wp-content\/uploads\/2016\/06\/vaznost-glazbe-u-razvoju-768x532.jpg 768w, https:\/\/orpheus.hr\/sl\/wp-content\/uploads\/2016\/06\/vaznost-glazbe-u-razvoju-1024x709.jpg 1024w, https:\/\/orpheus.hr\/sl\/wp-content\/uploads\/2016\/06\/vaznost-glazbe-u-razvoju.jpg 1365w\" sizes=\"(max-width: 600px) 100vw, 600px\" \/><\/a><\/div><h2 class=\"w-post-elm post_title usg_post_title_1 entry-title color_link_inherit\"><a href=\"https:\/\/orpheus.hr\/sl\/glazbena-radionica-za-odgajatelje-i-ucitelje\/\">Glazbena radionica za odgajatelje i u\u010ditelje<\/a><\/h2>\t\t<\/div>\r\n\t<\/article>\r\n\t<article class=\"w-grid-item size_1x1 post-2644 post type-post status-publish format-standard has-post-thumbnail hentry category-vijesti\" data-id=\"2644\">\r\n\t\t<div class=\"w-grid-item-h\">\r\n\t\t\t\t\t\t<div class=\"w-post-elm post_image usg_post_image_1 stretched\"><a href=\"https:\/\/orpheus.hr\/sl\/igre-pjevanjem-predskolci-i-glazba\/\" aria-label=\"Igre pjevanjem &#8211; pred\u0161kolci i glazba\"><img loading=\"lazy\" decoding=\"async\" width=\"600\" height=\"415\" src=\"https:\/\/orpheus.hr\/sl\/wp-content\/uploads\/2016\/06\/vaznost-glazbe-u-razvoju-600x415.jpg\" class=\"attachment-us_img_size_1 size-us_img_size_1 wp-post-image\" alt=\"\" srcset=\"https:\/\/orpheus.hr\/sl\/wp-content\/uploads\/2016\/06\/vaznost-glazbe-u-razvoju-600x415.jpg 600w, https:\/\/orpheus.hr\/sl\/wp-content\/uploads\/2016\/06\/vaznost-glazbe-u-razvoju-300x208.jpg 300w, https:\/\/orpheus.hr\/sl\/wp-content\/uploads\/2016\/06\/vaznost-glazbe-u-razvoju-768x532.jpg 768w, https:\/\/orpheus.hr\/sl\/wp-content\/uploads\/2016\/06\/vaznost-glazbe-u-razvoju-1024x709.jpg 1024w, https:\/\/orpheus.hr\/sl\/wp-content\/uploads\/2016\/06\/vaznost-glazbe-u-razvoju.jpg 1365w\" sizes=\"(max-width: 600px) 100vw, 600px\" \/><\/a><\/div><h2 class=\"w-post-elm post_title usg_post_title_1 entry-title color_link_inherit\"><a href=\"https:\/\/orpheus.hr\/sl\/igre-pjevanjem-predskolci-i-glazba\/\">Igre pjevanjem &#8211; pred\u0161kolci i glazba<\/a><\/h2>\t\t<\/div>\r\n\t<\/article>\r\n\t<article class=\"w-grid-item size_1x1 post-2630 post type-post status-publish format-standard has-post-thumbnail hentry category-mudre-note\" data-id=\"2630\">\r\n\t\t<div class=\"w-grid-item-h\">\r\n\t\t\t\t\t\t<div class=\"w-post-elm post_image usg_post_image_1 stretched\"><a href=\"https:\/\/orpheus.hr\/sl\/citati-o-muzici-i-pjevanju-u-slici\/\" aria-label=\"Citati o muzici i pjevanju u slici\"><img loading=\"lazy\" decoding=\"async\" width=\"800\" height=\"418\" src=\"https:\/\/orpheus.hr\/sl\/wp-content\/uploads\/2016\/01\/molitva-pjesma.jpg\" class=\"attachment-us_img_size_1 size-us_img_size_1 wp-post-image\" alt=\"\" srcset=\"https:\/\/orpheus.hr\/sl\/wp-content\/uploads\/2016\/01\/molitva-pjesma.jpg 800w, https:\/\/orpheus.hr\/sl\/wp-content\/uploads\/2016\/01\/molitva-pjesma-300x157.jpg 300w, https:\/\/orpheus.hr\/sl\/wp-content\/uploads\/2016\/01\/molitva-pjesma-768x401.jpg 768w\" sizes=\"(max-width: 800px) 100vw, 800px\" \/><\/a><\/div><h2 class=\"w-post-elm post_title usg_post_title_1 entry-title color_link_inherit\"><a href=\"https:\/\/orpheus.hr\/sl\/citati-o-muzici-i-pjevanju-u-slici\/\">Citati o muzici i pjevanju u slici<\/a><\/h2>\t\t<\/div>\r\n\t<\/article>\r\n\t<article class=\"w-grid-item size_1x1 post-2625 post type-post status-publish format-standard has-post-thumbnail hentry category-mudre-note\" data-id=\"2625\">\r\n\t\t<div class=\"w-grid-item-h\">\r\n\t\t\t\t\t\t<div class=\"w-post-elm post_image usg_post_image_1 stretched\"><a href=\"https:\/\/orpheus.hr\/sl\/citati-o-muzici-i-pjevanju-ii\/\" aria-label=\"Citati o muzici i pjevanju II\"><img decoding=\"async\" src=\"https:\/\/orpheus.hr\/sl\/wp-content\/uploads\/2016\/01\/citati-o-muzici.jpg\" class=\"attachment-us_img_size_1 size-us_img_size_1 wp-post-image\" alt=\"\" \/><\/a><\/div><h2 class=\"w-post-elm post_title usg_post_title_1 entry-title color_link_inherit\"><a href=\"https:\/\/orpheus.hr\/sl\/citati-o-muzici-i-pjevanju-ii\/\">Citati o muzici i pjevanju II<\/a><\/h2>\t\t<\/div>\r\n\t<\/article>\r\n\t<article class=\"w-grid-item size_1x1 post-2608 post type-post status-publish format-standard has-post-thumbnail hentry category-vijesti\" data-id=\"2608\">\r\n\t\t<div class=\"w-grid-item-h\">\r\n\t\t\t\t\t\t<div class=\"w-post-elm post_image usg_post_image_1 stretched\"><a href=\"https:\/\/orpheus.hr\/sl\/5-minutna-anketa-za-polaznike-seminara\/\" aria-label=\"5-minutna anketa za polaznike seminara\"><img loading=\"lazy\" decoding=\"async\" width=\"849\" height=\"565\" src=\"https:\/\/orpheus.hr\/sl\/wp-content\/uploads\/2015\/12\/anketa.jpg\" class=\"attachment-us_img_size_1 size-us_img_size_1 wp-post-image\" alt=\"\" srcset=\"https:\/\/orpheus.hr\/sl\/wp-content\/uploads\/2015\/12\/anketa.jpg 849w, https:\/\/orpheus.hr\/sl\/wp-content\/uploads\/2015\/12\/anketa-300x200.jpg 300w, https:\/\/orpheus.hr\/sl\/wp-content\/uploads\/2015\/12\/anketa-768x511.jpg 768w\" sizes=\"(max-width: 849px) 100vw, 849px\" \/><\/a><\/div><h2 class=\"w-post-elm post_title usg_post_title_1 entry-title color_link_inherit\"><a href=\"https:\/\/orpheus.hr\/sl\/5-minutna-anketa-za-polaznike-seminara\/\">5-minutna anketa za polaznike seminara<\/a><\/h2>\t\t<\/div>\r\n\t<\/article>\r\n\t<article class=\"w-grid-item size_1x1 post-2597 post type-post status-publish format-standard has-post-thumbnail hentry category-press category-vijesti\" data-id=\"2597\">\r\n\t\t<div class=\"w-grid-item-h\">\r\n\t\t\t\t\t\t<div class=\"w-post-elm post_image usg_post_image_1 stretched\"><a href=\"https:\/\/orpheus.hr\/sl\/htv1-29-12-2015\/\" aria-label=\"Gostovanje: HTV1, Dru\u0161tvena mre\u017ea\"><img loading=\"lazy\" decoding=\"async\" width=\"600\" height=\"408\" src=\"https:\/\/orpheus.hr\/sl\/wp-content\/uploads\/2015\/12\/Drustvena-mreza3-manja.jpg\" class=\"attachment-us_img_size_1 size-us_img_size_1 wp-post-image\" alt=\"\" srcset=\"https:\/\/orpheus.hr\/sl\/wp-content\/uploads\/2015\/12\/Drustvena-mreza3-manja.jpg 600w, https:\/\/orpheus.hr\/sl\/wp-content\/uploads\/2015\/12\/Drustvena-mreza3-manja-300x204.jpg 300w\" sizes=\"(max-width: 600px) 100vw, 600px\" \/><\/a><\/div><h2 class=\"w-post-elm post_title usg_post_title_1 entry-title color_link_inherit\"><a href=\"https:\/\/orpheus.hr\/sl\/htv1-29-12-2015\/\">Gostovanje: HTV1, Dru\u0161tvena mre\u017ea<\/a><\/h2>\t\t<\/div>\r\n\t<\/article>\r\n\t<article class=\"w-grid-item size_1x1 post-2594 post type-post status-publish format-standard has-post-thumbnail hentry category-uncategorized\" data-id=\"2594\">\r\n\t\t<div class=\"w-grid-item-h\">\r\n\t\t\t\t\t\t<div class=\"w-post-elm post_image usg_post_image_1 stretched\"><a href=\"https:\/\/orpheus.hr\/sl\/seminar-petja-zagreb-cro-12-14-02\/\" aria-label=\"Seminar petja, Zagreb (CRO), 12. &#8211; 14.02.\"><img loading=\"lazy\" decoding=\"async\" width=\"600\" height=\"400\" src=\"https:\/\/orpheus.hr\/sl\/wp-content\/uploads\/2015\/04\/zagreb1.jpg\" class=\"attachment-us_img_size_1 size-us_img_size_1 wp-post-image\" alt=\"\" srcset=\"https:\/\/orpheus.hr\/sl\/wp-content\/uploads\/2015\/04\/zagreb1.jpg 600w, https:\/\/orpheus.hr\/sl\/wp-content\/uploads\/2015\/04\/zagreb1-300x200.jpg 300w\" sizes=\"(max-width: 600px) 100vw, 600px\" \/><\/a><\/div><h2 class=\"w-post-elm post_title usg_post_title_1 entry-title color_link_inherit\"><a href=\"https:\/\/orpheus.hr\/sl\/seminar-petja-zagreb-cro-12-14-02\/\">Seminar petja, Zagreb (CRO), 12. &#8211; 14.02.<\/a><\/h2>\t\t<\/div>\r\n\t<\/article>\r\n\t<article class=\"w-grid-item size_1x1 post-2583 post type-post status-publish format-standard has-post-thumbnail hentry category-uncategorized\" data-id=\"2583\">\r\n\t\t<div class=\"w-grid-item-h\">\r\n\t\t\t\t\t\t<div class=\"w-post-elm post_image usg_post_image_1 stretched\"><a href=\"https:\/\/orpheus.hr\/sl\/seminar-petja-ljubljana-29-31-01-2016\/\" aria-label=\"Seminar petja, Ljubljana, 29. &#8211; 31.01.2016.\"><img loading=\"lazy\" decoding=\"async\" width=\"638\" height=\"365\" src=\"https:\/\/orpheus.hr\/sl\/wp-content\/uploads\/2015\/12\/ljubljana.jpg\" class=\"attachment-us_img_size_1 size-us_img_size_1 wp-post-image\" alt=\"\" srcset=\"https:\/\/orpheus.hr\/sl\/wp-content\/uploads\/2015\/12\/ljubljana.jpg 638w, https:\/\/orpheus.hr\/sl\/wp-content\/uploads\/2015\/12\/ljubljana-300x172.jpg 300w\" sizes=\"(max-width: 638px) 100vw, 638px\" \/><\/a><\/div><h2 class=\"w-post-elm post_title usg_post_title_1 entry-title color_link_inherit\"><a href=\"https:\/\/orpheus.hr\/sl\/seminar-petja-ljubljana-29-31-01-2016\/\">Seminar petja, Ljubljana, 29. &#8211; 31.01.2016.<\/a><\/h2>\t\t<\/div>\r\n\t<\/article>\r\n<\/div><div class=\"w-grid-preloader\">\t<div class=\"g-preloader type_1\">\r\n\t\t<div><\/div>\r\n\t<\/div>\r\n\t<\/div>\t<div class=\"w-grid-json hidden\" onclick='return {&quot;action&quot;:&quot;us_ajax_grid&quot;,&quot;ajax_url&quot;:&quot;https:\\\/\\\/orpheus.hr\\\/sl\\\/wp-admin\\\/admin-ajax.php&quot;,&quot;infinite_scroll&quot;:0,&quot;max_num_pages&quot;:3,&quot;pagination&quot;:&quot;none&quot;,&quot;template_vars&quot;:{&quot;columns&quot;:&quot;3&quot;,&quot;exclude_items&quot;:&quot;none&quot;,&quot;img_size&quot;:&quot;us_img_size_1&quot;,&quot;ignore_items_size&quot;:0,&quot;items_layout&quot;:&quot;3440&quot;,&quot;items_offset&quot;:&quot;1&quot;,&quot;load_animation&quot;:&quot;none&quot;,&quot;overriding_link&quot;:&quot;{\\&quot;url\\&quot;:\\&quot;\\&quot;}&quot;,&quot;post_id&quot;:0,&quot;query_args&quot;:{&quot;post_type&quot;:[&quot;post&quot;],&quot;post_status&quot;:[&quot;publish&quot;],&quot;posts_per_page&quot;:&quot;15&quot;},&quot;orderby_query_args&quot;:{&quot;orderby&quot;:{&quot;date&quot;:&quot;DESC&quot;}},&quot;type&quot;:&quot;masonry&quot;,&quot;us_grid_ajax_index&quot;:1,&quot;us_grid_filter_params&quot;:[],&quot;us_grid_index&quot;:1,&quot;_us_grid_post_type&quot;:&quot;post&quot;,&quot;page_args&quot;:[]}}'><\/div>\r\n\t<\/div><\/div><\/div><\/div><\/div><\/section>\n<!-- Facebook Members Plugin by Crunchify: http:\/\/Crunchify.com\/facebook-members\/ -->\n\t\t<div class=\"fb-recommendations-bar\" data-href=\"https:\/\/orpheus.hr\/sl\/seminarji-petja\/\" data-read-time=\"5\" data-side=\"\" data-action=\"like\"><\/div>","protected":false},"excerpt":{"rendered":"Od 29. -&nbsp; 31.01. 2016. bo v Waldorfska \u0161ola (Streli\u0161ka ul. 12), potekal seminar petja, ki ga bo vodil prof. Baldo Mikuli\u0107. Seminar petja bo zajemal vaje petja, ki temeljijo na metodi petja \u201e\u0160ola za odkrivanje glasu\u201c in prav tako enoglasno in ve\u010dglasno petje. Trajanje seminara: Petak&nbsp;&nbsp; (29.01):&nbsp; 18,30-20,30 Sobota (30.01.): 10,00-12,00 in 16,00-18,00 Nedelja...","protected":false},"author":2,"featured_media":0,"parent":0,"menu_order":0,"comment_status":"closed","ping_status":"closed","template":"","meta":{"footnotes":""},"_links":{"self":[{"href":"https:\/\/orpheus.hr\/sl\/wp-json\/wp\/v2\/pages\/3148"}],"collection":[{"href":"https:\/\/orpheus.hr\/sl\/wp-json\/wp\/v2\/pages"}],"about":[{"href":"https:\/\/orpheus.hr\/sl\/wp-json\/wp\/v2\/types\/page"}],"author":[{"embeddable":true,"href":"https:\/\/orpheus.hr\/sl\/wp-json\/wp\/v2\/users\/2"}],"replies":[{"embeddable":true,"href":"https:\/\/orpheus.hr\/sl\/wp-json\/wp\/v2\/comments?post=3148"}],"version-history":[{"count":5,"href":"https:\/\/orpheus.hr\/sl\/wp-json\/wp\/v2\/pages\/3148\/revisions"}],"predecessor-version":[{"id":3441,"href":"https:\/\/orpheus.hr\/sl\/wp-json\/wp\/v2\/pages\/3148\/revisions\/3441"}],"wp:attachment":[{"href":"https:\/\/orpheus.hr\/sl\/wp-json\/wp\/v2\/media?parent=3148"}],"curies":[{"name":"wp","href":"https:\/\/api.w.org\/{rel}","templated":true}]}}